{"id":7492,"date":"2021-09-29T21:38:25","date_gmt":"2021-09-29T19:38:25","guid":{"rendered":"https:\/\/choeur2limours.com\/?page_id=7492"},"modified":"2026-04-12T22:19:42","modified_gmt":"2026-04-12T20:19:42","slug":"historique-des-concerts","status":"publish","type":"page","link":"https:\/\/choeur2limours.com\/index.php\/historique-des-concerts\/","title":{"rendered":"Concerts de l&rsquo;ann\u00e9e"},"content":{"rendered":"\n<h1 class=\"wp-block-heading has-text-align-center has-vivid-cyan-blue-color has-text-color has-x-large-font-size\">Concerts de l&rsquo;ann\u00e9e 2026<\/h1>\n\n\n\n<div class=\"wp-block-columns is-layout-flex wp-container-core-columns-is-layout-9d6595d7 wp-block-columns-is-layout-flex\">\n<div class=\"wp-block-column is-layout-flow wp-block-column-is-layout-flow\">\n<figure class=\"wp-block-image size-full\"><img loading=\"lazy\" decoding=\"async\" width=\"1811\" height=\"2560\" src=\"https:\/\/choeur2limours.com\/wp-content\/uploads\/2026\/04\/Affiche-Faure-Version-finale-scaled.png\" alt=\"\" class=\"wp-image-12450\" srcset=\"https:\/\/choeur2limours.com\/wp-content\/uploads\/2026\/04\/Affiche-Faure-Version-finale-scaled.png 1811w, https:\/\/choeur2limours.com\/wp-content\/uploads\/2026\/04\/Affiche-Faure-Version-finale-212x300.png 212w, https:\/\/choeur2limours.com\/wp-content\/uploads\/2026\/04\/Affiche-Faure-Version-finale-724x1024.png 724w, https:\/\/choeur2limours.com\/wp-content\/uploads\/2026\/04\/Affiche-Faure-Version-finale-768x1086.png 768w, https:\/\/choeur2limours.com\/wp-content\/uploads\/2026\/04\/Affiche-Faure-Version-finale-1087x1536.png 1087w, https:\/\/choeur2limours.com\/wp-content\/uploads\/2026\/04\/Affiche-Faure-Version-finale-1449x2048.png 1449w\" sizes=\"auto, (max-width: 1811px) 100vw, 1811px\" \/><\/figure>\n<\/div>\n\n\n\n<div class=\"wp-block-column is-layout-flow wp-block-column-is-layout-flow\">\n<ul class=\"wp-block-list\">\n<li class=\"has-vivid-cyan-blue-color has-text-color has-link-color wp-elements-491ca08241b64341c6cc76a6892c7f48\" style=\"font-size:18px\">FAUR\u00c9 : Requiem opus 48<\/li>\n\n\n\n<li class=\"has-vivid-cyan-blue-color has-text-color has-link-color wp-elements-fff141e89996a8130de6e310bb285b0f\" style=\"font-size:18px\">FAUR\u00c9 : Cantique de Jean Racine Opus 11<\/li>\n\n\n\n<li class=\"has-vivid-cyan-blue-color has-text-color has-link-color wp-elements-81349d9e6f13d05ab98e5116bfffddcd\" style=\"font-size:18px\">RHEINBERGER : Stabat Mater Opus 138<\/li>\n<\/ul>\n\n\n\n<p class=\"has-medium-font-size\">Ce concert vous est propos\u00e9 sur deux dates et en deux lieux diff\u00e9rents. Pour acheter votre billet sur le site de notre partenaire HelloAsso, veuillez cliquer ci-dessous sur le bouton \u00ab\u00a0Participer\u00a0\u00bb correspondant \u00e0 la s\u00e9ance retenue.<\/p>\n\n\n\n<p class=\"has-medium-font-size\">Sur le r\u00e9capitulatif de commande, le montant de vos achats est d\u00e9taill\u00e9. HelloAsso y ajoute une contribution de fonctionnement.<br>Vous pouvez en modifier le montant en s\u00e9lectionnant \u00ab\u00a0Modifier ma contribution\u00a0\u00bb.<\/p>\n<\/div>\n<\/div>\n\n\n\n<div class=\"wp-block-columns is-layout-flex wp-container-core-columns-is-layout-9d6595d7 wp-block-columns-is-layout-flex\">\n<div class=\"wp-block-column is-layout-flow wp-block-column-is-layout-flow\">\n<p class=\"has-vivid-cyan-blue-color has-text-color has-link-color has-medium-font-size wp-elements-ea8fd7d65f88048c06b198149398f13d\"><strong>Samedi 6 juin 2026 20h30<br>\u00c9glise Saint-Pierre<\/strong> 4 rue F\u00e9licie Vallet, 91470 Limours<\/p>\n\n\n\n<p><\/p>\n<\/div>\n\n\n\n<div class=\"wp-block-column is-layout-flow wp-block-column-is-layout-flow\"><p><iframe id=\"haWidgetButton\" allowtransparency=\"true\" src=\"https:\/\/www.helloasso.com\/associations\/choeur-de-limours\/evenements\/concert-faure-limours\/widget-bouton\" style=\"width: 100%; height: 70px; border: none;\"><\/iframe><\/p>\n<\/div>\n<\/div>\n\n\n\n<div class=\"wp-block-columns is-layout-flex wp-container-core-columns-is-layout-9d6595d7 wp-block-columns-is-layout-flex\">\n<div class=\"wp-block-column is-layout-flow wp-block-column-is-layout-flow\">\n<p class=\"has-vivid-cyan-blue-color has-text-color has-link-color has-medium-font-size wp-elements-2fcf018d3b1e9e712b248f676908bfa4\"><strong>Lundi 8 juin 2026 20h00<br>\u00c9glise Saint-Fran\u00e7ois-de-Sales<\/strong> 15-17 Rue Amp\u00e8re, 75017 Paris<\/p>\n<\/div>\n\n\n\n<div class=\"wp-block-column is-layout-flow wp-block-column-is-layout-flow\"><p><iframe id=\"haWidgetButton\" allowtransparency=\"true\" src=\"https:\/\/www.helloasso.com\/associations\/choeur-de-limours\/evenements\/concert-faure-paris\/widget-bouton\" style=\"width: 100%; height: 70px; border: none;\"><\/iframe><\/p>\n<\/div>\n<\/div>\n","protected":false},"excerpt":{"rendered":"<p>Concerts de l&rsquo;ann\u00e9e 2026 Ce concert vous est propos\u00e9 sur deux dates et en deux lieux diff\u00e9rents. Pour acheter votre billet sur le site de notre partenaire HelloAsso, veuillez cliquer ci-dessous sur le bouton \u00ab\u00a0Participer\u00a0\u00bb correspondant \u00e0 la s\u00e9ance retenue. Sur le r\u00e9capitulatif de commande, le montant de vos achats est d\u00e9taill\u00e9. HelloAsso y ajoute&hellip;<\/p>\n<p class=\"more-link\"><a href=\"https:\/\/choeur2limours.com\/index.php\/historique-des-concerts\/\" class=\"themebutton2\">Read More<\/a><\/p>\n","protected":false},"author":152,"featured_media":0,"parent":0,"menu_order":0,"comment_status":"closed","ping_status":"closed","template":"","meta":{"footnotes":""},"categories":[],"tags":[],"class_list":["post-7492","page","type-page","status-publish","hentry"],"_links":{"self":[{"href":"https:\/\/choeur2limours.com\/index.php\/wp-json\/wp\/v2\/pages\/7492","targetHints":{"allow":["GET"]}}],"collection":[{"href":"https:\/\/choeur2limours.com\/index.php\/wp-json\/wp\/v2\/pages"}],"about":[{"href":"https:\/\/choeur2limours.com\/index.php\/wp-json\/wp\/v2\/types\/page"}],"author":[{"embeddable":true,"href":"https:\/\/choeur2limours.com\/index.php\/wp-json\/wp\/v2\/users\/152"}],"replies":[{"embeddable":true,"href":"https:\/\/choeur2limours.com\/index.php\/wp-json\/wp\/v2\/comments?post=7492"}],"version-history":[{"count":40,"href":"https:\/\/choeur2limours.com\/index.php\/wp-json\/wp\/v2\/pages\/7492\/revisions"}],"predecessor-version":[{"id":12488,"href":"https:\/\/choeur2limours.com\/index.php\/wp-json\/wp\/v2\/pages\/7492\/revisions\/12488"}],"wp:attachment":[{"href":"https:\/\/choeur2limours.com\/index.php\/wp-json\/wp\/v2\/media?parent=7492"}],"wp:term":[{"taxonomy":"category","embeddable":true,"href":"https:\/\/choeur2limours.com\/index.php\/wp-json\/wp\/v2\/categories?post=7492"},{"taxonomy":"post_tag","embeddable":true,"href":"https:\/\/choeur2limours.com\/index.php\/wp-json\/wp\/v2\/tags?post=7492"}],"curies":[{"name":"wp","href":"https:\/\/api.w.org\/{rel}","templated":true}]}}