{"id":2019,"date":"2019-02-12T01:28:54","date_gmt":"2019-02-12T00:28:54","guid":{"rendered":"https:\/\/choeur2limours.com\/?page_id=2019"},"modified":"2020-10-11T17:32:56","modified_gmt":"2020-10-11T15:32:56","slug":"historique","status":"publish","type":"page","link":"https:\/\/choeur2limours.com\/index.php\/historique\/","title":{"rendered":"Historique"},"content":{"rendered":"<h1 style=\"text-align: center;\">Petite histoire de chorale \u00e0 Limours<\/h1>\n<p class=\"corpsdetexte\">Plusieurs choristes &#8211; jeunes dans le ch\u0153ur &#8211; ont demand\u00e9 aux plus anciens (tout aussi jeunes dans le c\u0153ur) de leur donner des informations sur les origines des ch\u0153urs de Limours. Ces plus anciens ont \u00e9t\u00e9 interviewer, \u00e0 leur tour, des plus anciens encore et voici ce que cela donne. Naturellement cette histoire pourra \u00eatre corrig\u00e9e et enrichie de musiques et de photos. Un travail d\u2019historien n\u2019est jamais fini !<\/p>\n<p class=\"corpsdetexte\">On peut \u00e9crire cette histoire en 4 mouvements :<\/p>\n<ul>\n<li>Le chant choral \u00e0 Limours de 1950 \u00e0 1970<\/li>\n<li>Le groupe vocal avec Pierre B\u00e9nichou (1971 \u20131988)<\/li>\n<li>Une p\u00e9riode de transition (1989-1990)<\/li>\n<li>Les ch\u0153urs de Limours et Ariel (depuis 1990)<\/li>\n<\/ul>\n<h2><a name=\"h1_2\"><\/a><\/h2>\n<h2>De 1950 \u00e0 1970, le Chant choral \u00e0 Limours<\/h2>\n<p class=\"corpsdetexte\">Il \u00e9tait une fois une chorale paroissiale qui, dans la mouvance de la JAC (jeunesse agricole chr\u00e9tienne,\u2026mais oui, Limours \u00e9tait une commune rurale), d\u00e9cida de s\u2019autonomiser et se mit \u00e0 partir de 1950 \u00e0 chanter un r\u00e9pertoire classique et vari\u00e9t\u00e9s. Conduite par Marie Louise Alison, aupr\u00e8s de la quelle nous avons obtenu des pr\u00e9cieuses informations, une chorale compos\u00e9e d\u2019une quinzaine de jeunes filles fonctionna \u00e0 Limours pendant une quinzaine d\u2019ann\u00e9es. Bernadette Aubertel (B\u00e9nichou) et Jacqueline Diverr\u00e8s (Chassende) y chant\u00e8rent plusieurs ann\u00e9es.<\/p>\n<p class=\"corpsdetexte\">Un t\u00e9moignage particuli\u00e8rement brillant du travail de ce groupe est sa participation \u00e0 \u00ab la coupe de la joie \u00bb, une comp\u00e9tition nationale entre chorales organis\u00e9e par la JAC. A la suite d\u2019\u00e9liminations successives, Limours se retrouva en finale avec 20 autres chorales \u00e0 Annecy en juin 1959 et eut la deuxi\u00e8me place nationale avec une chanson \u00ab le gai printemps \u00bb ! Il existe un disque vinyle qui rend compte des chants de cette rencontre \u00e0 Annecy.<\/p>\n<p><a title=\"enregistrement communiqu\u00e9 par un heureux laur\u00e9at de 1959\" href=\"https:\/\/choeur2limours.com\/wp-content\/uploads\/2019\/07\/autre111016094215.mp3\" target=\"_blank\" rel=\"noopener noreferrer\"><i>Le gai printemps<\/i>, un enregistrement de 1959<\/a><\/p>\n<p class=\"corpsdetexte\">Il semble que la chorale ne fonctionna plus qu\u2019\u00e9pisodiquement entre 1965 et 1969. En 1969, les Dumareau et les Guyon qui venaient d\u2019arriver \u00e0 Limours et \u00e9taient voisins \u00e0 la Gu\u00e9rini\u00e8re se joignirent \u00e0 un groupe d\u2019une douzaine de choristes qui se r\u00e9unissait r\u00e9guli\u00e8rement pour chanter dans la nouvelle maison des Alison. Ils y \u00e9taient dirig\u00e9s par Mme Thinardon, professeur de piano \u00e0 Limours. Pierre B\u00e9nichou les y avait rejoints.<\/p>\n<p class=\"corpsdetexte\">Un concert fut donn\u00e9 \u00e0 la Salle Saint Eug\u00e8ne<a title=\"voir note1\" href=\"http:\/\/www.choeurlimours.com\/bulletins\/page_web_ecran.php?page=page08078080456.txt#note1\">*<\/a> au printemps 1971. Le \u00ab plaisir d\u2019amour \u00bb ou le \u00ab cantique de Jean Racine \u00bb furent sans doute insuffisamment convaincants pour les choristes et leur chef, et l\u2019exp\u00e9rience ne se poursuivit pas l\u2019ann\u00e9e suivante.<\/p>\n<p class=\"corpsdetexte\">Charles et \u00c9tienne se rappellent ce soir o\u00f9, d\u00e9\u00e7us de ne plus chanter, ils all\u00e8rent sonner chez leur voisin Pierre B\u00e9nichou, qu\u2019ils ne connaissaient pas bien alors, mais dont ils avaient remarqu\u00e9 qu\u2019il chantait tr\u00e8s bien. Pierre, qui avait une formation de direction de chorale, accepta de prendre en charge la cr\u00e9ation d\u2019une chorale. Ce fut le d\u00e9but de la belle et longue aventure de la chorale de Limours.<\/p>\n<p class=\"corpsdetexte\"><a name=\"note1\"><\/a>Note*A la place de cette salle paroissiale qui, malgr\u00e9 sa v\u00e9tust\u00e9 \u00e9tait bien utile et n\u2019a pas \u00e9t\u00e9 remplac\u00e9e jusqu\u2019\u00e0 ce jour, se trouve aujourd\u2019hui la biblioth\u00e8que de Limours.<\/p>\n<p><a name=\"h2_1\"><\/a><\/p>\n<h2>Cette page a permis aux laur\u00e9ats de 1959\u2026<\/h2>\n<p class=\"corpsdetexte\">Cette page a permis aux laur\u00e9ats de 1959 de retrouver leurs dauphins.<\/p>\n<blockquote><p>Bonjour<br \/>\nTr\u00e8s heureux de d\u00e9couvrir votre site internet et que la chorale de Limours qui fut deuxi\u00e8me \u00e0 la finale nationale de la Coupe de la joie \u00e0 Annecy en 1959 s&rsquo;est d\u00e9velopp\u00e9e de mani\u00e8re imposante et a atteint un tel niveau de qualit\u00e9.<br \/>\nEn ce qui nous concerne, les 12 jeunes de La Tourlandry, nous avons \u00e9t\u00e9 les vainqueurs de cette finale. Nous chantons toujours et allons bient\u00f4t atteindre notre 1000\u00e8me concert. Mais nous sommes rest\u00e9s \u00e0 un stade amateur et n&rsquo;avons pas le professionnalisme de vos musiciens.<br \/>\nMais c&rsquo;est un bonheur de voir que ces mouvements de jeunesse ont permis de d\u00e9velopper des espaces de musique qui encore aujourd&rsquo;hui poursuivent tranquillement leur chemin.<br \/>\nUn petit bonjour amical<br \/>\nhttps:\/\/compagnonstourlandry.monsite-orange.fr\/<br \/>\nBernard(Selon : <a title=\"Atteindre la source\" href=\"https:\/\/compagnonstourlandry.monsite-orange.fr\/\" target=\"_blank\" rel=\"noopener noreferrer\">Les Gitans de La Tourlandry<\/a>)<\/p><\/blockquote>\n<p class=\"corpsdetexte\">Bien s\u00fbr, votre webmestre et serviteur a r\u00e9pondu avec c\u00e9l\u00e9rit\u00e9 qu&rsquo;il \u00e9tait heureux de contribuer \u00e0 de telles retrouvailles. Je laissais \u00e0 d&rsquo;autres anciens le soin de prendre contact, savourant malgr\u00e9 tout le compliment, imm\u00e9rit\u00e9 de ma part n&rsquo;ayant rejoint le ch\u0153ur que depuis dix ans, mais me sentant h\u00e9ritier tout de m\u00eame du succ\u00e8s de mes a\u00een\u00e9s.<\/p>\n<p class=\"corpsdetexte\">Et Bernard Pithon d&rsquo;ajouter ceci :<\/p>\n<blockquote><p>Bonjour<br \/>\nMerci pour cette r\u00e9ponse. J&rsquo;en profite pour vous joindre \u00e0 ce message la prestation de la chorale de Limours le 7 juin 1959 ! C&rsquo;\u00e9tait d\u00e9j\u00e0 d&rsquo;un excellent niveau et sinc\u00e8rement, si j&rsquo;avais fait partie du jury, j&rsquo;aurais attribu\u00e9 le premier prix.<br \/>\nAu cas o\u00f9 les personnes de la chorale, qui ont particip\u00e9 \u00e0 cet \u00e9v\u00e9nement n&rsquo;\u00e9taient pas d\u00e9positaires du disque 33 tours, personnellement je l&rsquo;ai et comme vous le voyez, je l&rsquo;ai m\u00eame r\u00e9cup\u00e9r\u00e9 en num\u00e9rique.<br \/>\nIl ne me sera donc pas difficile d&rsquo;en faire une copie et de vous l&rsquo;adresser. Tenez moi au courant.<br \/>\nTr\u00e8s cordialement<br \/>\nBernard Pithon<\/p><\/blockquote>\n<h2>De 1971 \u00e0 1985, le Groupe Vocal de Limours<\/h2>\n<p class=\"corpsdetexte\">A sa cr\u00e9ation en 1971, le \u00ab Groupe vocal de Limours \u00bb (d\u00e9nomination initiale du Ch\u0153ur de Limours) r\u00e9unissait autour de Pierre BENICHOU, musicien amateur form\u00e9 aux techniques de direction de ch\u0153ur par C\u00e9sar Geoffray et Philippe Caillard, une poign\u00e9e de Limouriens \u00ab mordus \u00bb de chant choral mais sans aucune formation musicale.<\/p>\n<table align=\"center\">\n<tbody>\n<tr>\n<td>\n<p align=\"center\"><a href=\"https:\/\/choeur2limours.com\/wp-content\/uploads\/2019\/03\/image08062140442.jpg\" target=\"_blank\" rel=\"noopener noreferrer\"><img loading=\"lazy\" decoding=\"async\" class=\"alignnone wp-image-3102 size-full\" src=\"https:\/\/choeur2limours.com\/wp-content\/uploads\/2019\/03\/image08062140442.jpg\" alt=\"\" width=\"630\" height=\"268\" srcset=\"https:\/\/choeur2limours.com\/wp-content\/uploads\/2019\/03\/image08062140442.jpg 630w, https:\/\/choeur2limours.com\/wp-content\/uploads\/2019\/03\/image08062140442-300x128.jpg 300w\" sizes=\"auto, (max-width: 630px) 100vw, 630px\" \/><\/a><\/p>\n<p align=\"center\">Le Groupe Vocal de Limours en 1975<\/p>\n<\/td>\n<\/tr>\n<\/tbody>\n<\/table>\n<p class=\"corpsdetexte\">Au fil des ans, le recrutement s\u2019est \u00e9largi \u00e0 une vingtaine de communes. Le ch\u0153ur a progress\u00e9 et a pu aborder un r\u00e9pertoire plus difficile en continuant cependant \u00e0 n\u2019exiger aucune connaissance musicale particuli\u00e8re.<\/p>\n<table align=\"center\">\n<tbody>\n<tr>\n<td>\n<p align=\"center\"><a href=\"https:\/\/choeur2limours.com\/wp-content\/uploads\/2019\/03\/image08062135345.jpg\" target=\"_blank\" rel=\"noopener noreferrer\"><img loading=\"lazy\" decoding=\"async\" class=\"alignnone wp-image-3106 size-large\" src=\"https:\/\/choeur2limours.com\/wp-content\/uploads\/2019\/03\/image08062135345-1024x684.jpg\" alt=\"\" width=\"1024\" height=\"684\" srcset=\"https:\/\/choeur2limours.com\/wp-content\/uploads\/2019\/03\/image08062135345.jpg 1024w, https:\/\/choeur2limours.com\/wp-content\/uploads\/2019\/03\/image08062135345-300x200.jpg 300w, https:\/\/choeur2limours.com\/wp-content\/uploads\/2019\/03\/image08062135345-768x513.jpg 768w, https:\/\/choeur2limours.com\/wp-content\/uploads\/2019\/03\/image08062135345-570x380.jpg 570w, https:\/\/choeur2limours.com\/wp-content\/uploads\/2019\/03\/image08062135345-380x254.jpg 380w, https:\/\/choeur2limours.com\/wp-content\/uploads\/2019\/03\/image08062135345-285x190.jpg 285w\" sizes=\"auto, (max-width: 1024px) 100vw, 1024px\" \/><\/a><\/p>\n<p align=\"center\">Le Groupe Vocal de Limours en 1977<\/p>\n<\/td>\n<\/tr>\n<\/tbody>\n<\/table>\n<table align=\"center\">\n<tbody>\n<tr>\n<td>\n<p align=\"center\"><a href=\"https:\/\/choeur2limours.com\/wp-content\/uploads\/2019\/03\/image08062135858.jpg\" target=\"_blank\" rel=\"noopener noreferrer\"><img loading=\"lazy\" decoding=\"async\" class=\"alignnone wp-image-3108 size-full\" src=\"https:\/\/choeur2limours.com\/wp-content\/uploads\/2019\/03\/image08062135858.jpg\" alt=\"\" width=\"276\" height=\"284\" \/><\/a><\/p>\n<p align=\"center\">Pierre B\u00e9nichou en 1982<\/p>\n<\/td>\n<\/tr>\n<\/tbody>\n<\/table>\n<p><a title=\"Pour atteindre la cible\" href=\"https:\/\/choeur2limours.com\/wp-content\/uploads\/PhotosanciennesduChoeurdeLimours\/index.html\" target=\"_blank\" rel=\"noopener noreferrer\">Autres photos anciennes<\/a><\/p>\n<p class=\"corpsdetexte\">Le Ch\u0153ur, qui regroupe actuellement 90 choristes, a \u00e9t\u00e9 dirig\u00e9, outre Pierre BENICHOU par Jacques BARRANGER (1982-1984), \u00c9lisabeth ATANASSOV (1987-1989). Son chef actuel est, depuis 1989, Ariel ALONSO.<\/p>\n<p><a name=\"h2_2\"><\/a><\/p>\n<h2>Quelques images d&rsquo;archive<\/h2>\n<table class=\"tabhpl\">\n<tbody>\n<tr>\n<th class=\"tabhpl\">Quelques images des archives de Bernadette Perrine<\/th>\n<\/tr>\n<tr>\n<td class=\"tabhpl\"><u><span style=\"background-color: #bfe6ff; color: #000120;\"><a href=\"https:\/\/choeur2limours.com\/wp-content\/uploads\/2019\/03\/100_1411.jpg\" target=\"_blank\" rel=\"noopener noreferrer\"><img loading=\"lazy\" decoding=\"async\" class=\"aligncenter wp-image-3109\" src=\"https:\/\/choeur2limours.com\/wp-content\/uploads\/2019\/03\/100_1411-300x200.jpg\" alt=\"\" width=\"450\" height=\"300\" srcset=\"https:\/\/choeur2limours.com\/wp-content\/uploads\/2019\/03\/100_1411-300x200.jpg 300w, https:\/\/choeur2limours.com\/wp-content\/uploads\/2019\/03\/100_1411-768x513.jpg 768w, https:\/\/choeur2limours.com\/wp-content\/uploads\/2019\/03\/100_1411-1024x683.jpg 1024w, https:\/\/choeur2limours.com\/wp-content\/uploads\/2019\/03\/100_1411-570x380.jpg 570w, https:\/\/choeur2limours.com\/wp-content\/uploads\/2019\/03\/100_1411-380x254.jpg 380w, https:\/\/choeur2limours.com\/wp-content\/uploads\/2019\/03\/100_1411-285x190.jpg 285w, https:\/\/choeur2limours.com\/wp-content\/uploads\/2019\/03\/100_1411.jpg 1497w\" sizes=\"auto, (max-width: 450px) 100vw, 450px\" \/><\/a><\/span><\/u><\/p>\n<p class=\"textcenter\">Photo n\u00b0 4 parmi 71 dans l&rsquo;album<\/p>\n<p class=\"textcenter\">Quelques images des archives de Bernadette Perrine<\/p>\n<p class=\"textcenter\"><a href=\"https:\/\/choeur2limours.com\/wp-content\/uploads\/PhotosBernadette\/index.html\" target=\"_blank\" rel=\"noopener noreferrer\">Pour ouvrir l&rsquo;album en entier<\/a><\/p>\n<\/td>\n<\/tr>\n<\/tbody>\n<\/table>\n<p class=\"corpsdetexte\">Ces images peuvent \u00eatre r\u00e9cup\u00e9r\u00e9es sans perte par rapport au fichier scann\u00e9 en 2003<\/p>\n<table class=\"tabhpl\">\n<tbody>\n<tr>\n<th class=\"tabhpl\">Photos originales prises en 2005 par la s\u0153ur de Marianne Mousseau<\/th>\n<\/tr>\n<tr>\n<td class=\"tabhpl\"><u><span style=\"background-color: #bfe6ff; color: #000120;\"><a href=\"https:\/\/choeur2limours.com\/wp-content\/uploads\/2019\/03\/162-6251_IMGc.jpg\" target=\"_blank\" rel=\"noopener noreferrer\"><img loading=\"lazy\" decoding=\"async\" class=\"alignnone wp-image-3113 size-large\" src=\"https:\/\/choeur2limours.com\/wp-content\/uploads\/2019\/03\/162-6251_IMGc-1024x768.jpg\" alt=\"\" width=\"1024\" height=\"768\" srcset=\"https:\/\/choeur2limours.com\/wp-content\/uploads\/2019\/03\/162-6251_IMGc-1024x768.jpg 1024w, https:\/\/choeur2limours.com\/wp-content\/uploads\/2019\/03\/162-6251_IMGc-300x225.jpg 300w, https:\/\/choeur2limours.com\/wp-content\/uploads\/2019\/03\/162-6251_IMGc-768x576.jpg 768w, https:\/\/choeur2limours.com\/wp-content\/uploads\/2019\/03\/162-6251_IMGc-380x285.jpg 380w, https:\/\/choeur2limours.com\/wp-content\/uploads\/2019\/03\/162-6251_IMGc-285x214.jpg 285w\" sizes=\"auto, (max-width: 1024px) 100vw, 1024px\" \/><\/a><\/span><\/u><\/p>\n<p class=\"textcenter\">Photo n\u00b0 60 parmi 87 dans l&rsquo;album<\/p>\n<p class=\"textcenter\">Photos originales prises en 2005 par la s\u0153ur de Marianne Mousseau<\/p>\n<p class=\"textcenter\"><a href=\"https:\/\/choeur2limours.com\/wp-content\/uploads\/Photos_2005_05_21\/index.html\" target=\"_blank\" rel=\"noopener noreferrer\">Pour ouvrir l&rsquo;album en entier<\/a><\/p>\n<\/td>\n<\/tr>\n<\/tbody>\n<\/table>\n<p><a name=\"h2_3\"><\/a><\/p>\n<h2>1986 : le virage symphonique et le Ch\u0153ur de Limours<\/h2>\n<p class=\"corpsdetexte\">C&rsquo;est en 1986 que s&rsquo;amorce le virage symphonique avec au programme : la <i>Messa di Gloria<\/i> de Giacomo Puccini. Le Groupe Vocal se d\u00e9signe alors sur ses affiches \u00ab\u00a0Ch\u0153ur de Limours\u00a0\u00bb, accompagn\u00e9 de l&rsquo;Orchestre du campus et de son chef d&rsquo;alors\u00a0: Daniel Couderd.<\/p>\n<table align=\"center\">\n<tbody>\n<tr>\n<td>\n<p align=\"center\"><a href=\"https:\/\/choeur2limours.com\/wp-content\/uploads\/2019\/03\/image080811111824.jpg\" target=\"_blank\" rel=\"noopener noreferrer\"><img loading=\"lazy\" decoding=\"async\" class=\"alignnone wp-image-3115 size-full\" src=\"https:\/\/choeur2limours.com\/wp-content\/uploads\/2019\/03\/image080811111824.jpg\" alt=\"\" width=\"1010\" height=\"652\" srcset=\"https:\/\/choeur2limours.com\/wp-content\/uploads\/2019\/03\/image080811111824.jpg 1010w, https:\/\/choeur2limours.com\/wp-content\/uploads\/2019\/03\/image080811111824-300x194.jpg 300w, https:\/\/choeur2limours.com\/wp-content\/uploads\/2019\/03\/image080811111824-768x496.jpg 768w\" sizes=\"auto, (max-width: 1010px) 100vw, 1010px\" \/><\/a><\/p>\n<p align=\"center\">En 1986 avec l&rsquo;orchestre du campus d&rsquo;Orsay<\/p>\n<\/td>\n<\/tr>\n<\/tbody>\n<\/table>\n<p class=\"corpsdetexte\">Il r\u00e9cidive et confirme magistralement l&rsquo;ann\u00e9e suivante en montant le <i>Requiem<\/i> de Mozart avec l&rsquo;orchestre \u00ab Jeune philharmonie du Val de Marne \u00bb (Jean-Jacques Werner) sous la direction de Laurent Petitgirard.<\/p>\n<table align=\"center\">\n<tbody>\n<tr>\n<td>\n<p align=\"center\"><a href=\"https:\/\/choeur2limours.com\/wp-content\/uploads\/2019\/03\/image080811110546.jpg\" target=\"_blank\" rel=\"noopener noreferrer\"><img loading=\"lazy\" decoding=\"async\" class=\"aligncenter wp-image-3117 size-full\" src=\"https:\/\/choeur2limours.com\/wp-content\/uploads\/2019\/03\/image080811110546.jpg\" alt=\"\" width=\"883\" height=\"663\" srcset=\"https:\/\/choeur2limours.com\/wp-content\/uploads\/2019\/03\/image080811110546.jpg 883w, https:\/\/choeur2limours.com\/wp-content\/uploads\/2019\/03\/image080811110546-300x225.jpg 300w, https:\/\/choeur2limours.com\/wp-content\/uploads\/2019\/03\/image080811110546-768x577.jpg 768w, https:\/\/choeur2limours.com\/wp-content\/uploads\/2019\/03\/image080811110546-380x285.jpg 380w, https:\/\/choeur2limours.com\/wp-content\/uploads\/2019\/03\/image080811110546-285x214.jpg 285w\" sizes=\"auto, (max-width: 883px) 100vw, 883px\" \/><\/a><\/p>\n<p align=\"center\">En 1987 avec \u00ab Jeune philharmonie du Val de Marne \u00bb (Jean-Jacques Werner)<\/p>\n<\/td>\n<\/tr>\n<\/tbody>\n<\/table>\n<table align=\"center\">\n<tbody>\n<tr>\n<td>\n<p align=\"center\"><a href=\"https:\/\/choeur2limours.com\/wp-content\/uploads\/2019\/03\/image080810110456.jpg\" target=\"_blank\" rel=\"noopener noreferrer\"><img loading=\"lazy\" decoding=\"async\" class=\"aligncenter wp-image-3119 size-full\" src=\"https:\/\/choeur2limours.com\/wp-content\/uploads\/2019\/03\/image080810110456.jpg\" alt=\"\" width=\"304\" height=\"605\" srcset=\"https:\/\/choeur2limours.com\/wp-content\/uploads\/2019\/03\/image080810110456.jpg 304w, https:\/\/choeur2limours.com\/wp-content\/uploads\/2019\/03\/image080810110456-151x300.jpg 151w\" sizes=\"auto, (max-width: 304px) 100vw, 304px\" \/><\/a><\/p>\n<p align=\"center\">Pierre B\u00e9nichou avec Laurent Petitgirard en 1987<\/p>\n<\/td>\n<\/tr>\n<\/tbody>\n<\/table>\n<table align=\"center\">\n<tbody>\n<tr>\n<td>\n<p align=\"center\"><a href=\"https:\/\/choeur2limours.com\/wp-content\/uploads\/2019\/03\/image080811110841.jpg\" target=\"_blank\" rel=\"noopener noreferrer\"><img loading=\"lazy\" decoding=\"async\" class=\"alignnone wp-image-3121 size-full\" src=\"https:\/\/choeur2limours.com\/wp-content\/uploads\/2019\/03\/image080811110841.jpg\" alt=\"\" width=\"805\" height=\"531\" srcset=\"https:\/\/choeur2limours.com\/wp-content\/uploads\/2019\/03\/image080811110841.jpg 805w, https:\/\/choeur2limours.com\/wp-content\/uploads\/2019\/03\/image080811110841-300x198.jpg 300w, https:\/\/choeur2limours.com\/wp-content\/uploads\/2019\/03\/image080811110841-768x507.jpg 768w\" sizes=\"auto, (max-width: 805px) 100vw, 805px\" \/><\/a><\/p>\n<p align=\"center\">La m\u00eame ann\u00e9e 1987 \u00e0 Saint-Germain l&rsquo;Auxerrois, Paris 01<\/p>\n<\/td>\n<\/tr>\n<\/tbody>\n<\/table>\n<table align=\"center\">\n<tbody>\n<tr>\n<td>\n<p align=\"center\"><a href=\"https:\/\/choeur2limours.com\/wp-content\/uploads\/2019\/03\/image11055145146.png\" target=\"_blank\" rel=\"noopener noreferrer\"><img loading=\"lazy\" decoding=\"async\" class=\"aligncenter wp-image-3123 size-full\" src=\"https:\/\/choeur2limours.com\/wp-content\/uploads\/2019\/03\/image11055145146.png\" alt=\"\" width=\"394\" height=\"372\" srcset=\"https:\/\/choeur2limours.com\/wp-content\/uploads\/2019\/03\/image11055145146.png 394w, https:\/\/choeur2limours.com\/wp-content\/uploads\/2019\/03\/image11055145146-300x283.png 300w\" sizes=\"auto, (max-width: 394px) 100vw, 394px\" \/><\/a><\/p>\n<p align=\"center\">Le logo du Ch\u0153ur de Limours<\/p>\n<\/td>\n<\/tr>\n<\/tbody>\n<\/table>\n<p><a name=\"h2_4\"><\/a><\/p>\n<h2>1989 : l&rsquo;autonomie et Ariel<\/h2>\n<p class=\"corpsdetexte\">Atelier de la Maison des Jeunes et de la Culture de Limours lors de sa cr\u00e9ation, le ch\u0153ur s\u2019est constitu\u00e9 en association ind\u00e9pendante en 1989, d\u2019abord avec l\u2019aide de la MJC qui a continu\u00e9 \u00e0 mettre \u00e0 sa disposition son personnel, puis il est devenu enti\u00e8rement autonome en septembre 2000.<\/p>\n<table align=\"center\">\n<tbody>\n<tr>\n<td>\n<p align=\"center\"><a href=\"https:\/\/choeur2limours.com\/wp-content\/uploads\/2019\/03\/image080811155600.jpg\" target=\"_blank\" rel=\"noopener noreferrer\"><img loading=\"lazy\" decoding=\"async\" class=\"aligncenter wp-image-3124 size-full\" src=\"https:\/\/choeur2limours.com\/wp-content\/uploads\/2019\/03\/image080811155600.jpg\" alt=\"\" width=\"383\" height=\"511\" srcset=\"https:\/\/choeur2limours.com\/wp-content\/uploads\/2019\/03\/image080811155600.jpg 383w, https:\/\/choeur2limours.com\/wp-content\/uploads\/2019\/03\/image080811155600-225x300.jpg 225w\" sizes=\"auto, (max-width: 383px) 100vw, 383px\" \/><\/a><\/p>\n<p align=\"center\">Ariel en 1995&#8230;<\/p>\n<\/td>\n<\/tr>\n<\/tbody>\n<\/table>\n<table align=\"center\">\n<tbody>\n<tr>\n<td>\n<p align=\"center\"><a href=\"https:\/\/choeur2limours.com\/wp-content\/uploads\/2019\/03\/image08062141133.jpg\" target=\"_blank\" rel=\"noopener noreferrer\"><img loading=\"lazy\" decoding=\"async\" class=\"aligncenter wp-image-3125 size-full\" src=\"https:\/\/choeur2limours.com\/wp-content\/uploads\/2019\/03\/image08062141133.jpg\" alt=\"\" width=\"163\" height=\"246\" \/><\/a><\/p>\n<\/td>\n<td>&#8230;et un petit peu avant<\/td>\n<\/tr>\n<\/tbody>\n<\/table>\n<table align=\"center\">\n<tbody>\n<tr>\n<td>\n<p align=\"center\"><a href=\"https:\/\/choeur2limours.com\/wp-content\/uploads\/2019\/03\/image08062142728.jpg\" target=\"_blank\" rel=\"noopener noreferrer\"><img loading=\"lazy\" decoding=\"async\" class=\"aligncenter wp-image-3126 size-full\" src=\"https:\/\/choeur2limours.com\/wp-content\/uploads\/2019\/03\/image08062142728.jpg\" alt=\"\" width=\"800\" height=\"533\" srcset=\"https:\/\/choeur2limours.com\/wp-content\/uploads\/2019\/03\/image08062142728.jpg 800w, https:\/\/choeur2limours.com\/wp-content\/uploads\/2019\/03\/image08062142728-300x200.jpg 300w, https:\/\/choeur2limours.com\/wp-content\/uploads\/2019\/03\/image08062142728-768x512.jpg 768w, https:\/\/choeur2limours.com\/wp-content\/uploads\/2019\/03\/image08062142728-570x380.jpg 570w, https:\/\/choeur2limours.com\/wp-content\/uploads\/2019\/03\/image08062142728-380x254.jpg 380w, https:\/\/choeur2limours.com\/wp-content\/uploads\/2019\/03\/image08062142728-285x190.jpg 285w\" sizes=\"auto, (max-width: 800px) 100vw, 800px\" \/><\/a><\/p>\n<p align=\"center\">Le Ch\u0153ur en 1995, \u00e0 Saint Jacques du Haut Pas pour la Misa Criolla de Ramirez.<\/p>\n<\/td>\n<\/tr>\n<\/tbody>\n<\/table>\n<p class=\"corpsdetexte\">Il a eu l\u2019occasion de travailler et d\u2019\u00eatre dirig\u00e9 par des chefs tels Laurent Petitgirard, Jean-Jacques Werner, Hugues Reiner, Dominique Rouits, Pierre Cao \u2026<\/p>\n<p><a name=\"h2_5\"><\/a><\/p>\n<h2>Concerts 1996 (mise \u00e0 jour r\u00e9cente)<\/h2>\n<p class=\"corpsdetexte\">Bernadette Perrine et Monique Martin reviennent, avec un peu de nostalgie sans doute, sur deux concerts \u00ab\u00a0oubli\u00e9s\u00a0\u00bb par le chroniqueur :<\/p>\n<blockquote><p>En ce qui concerne le S\u00e9nat o\u00f9 nous n&rsquo;avons pas pu chanter dans la cour comme pr\u00e9vu pour cause de pluie, mais dans le kiosque de musique du jardin du Luxembourg, c&rsquo;\u00e9tait le dimanche 21 juin 1996 f\u00eate de la musique.<br \/>\nIl y avait beaucoup de spectateurs et lorsque nous sommes retourn\u00e9s \u00e0 la questure, Andr\u00e9 et moi avons \u00e9t\u00e9 abord\u00e9s par un clergyman qui nous a dit qu&rsquo;il ne connaissait pas les motets de Cl\u00e9rambault et que pour lui c&rsquo;\u00e9tait une belle d\u00e9couverte. C&rsquo;est pour nous un tr\u00e8s beau souvenir.<\/p>\n<p>En ce qui concerne le concert de Paris, c&rsquo;\u00e9tait \u00e0 l&rsquo;\u00e9glise Saint Sulpice le 4 juin de la m\u00eame ann\u00e9e pour c\u00e9l\u00e9brer le 350\u00e8me anniversaire de cette \u00e9glise, dont le grand orgue avait \u00e9t\u00e9 tenu par les compositeurs inclus dans le programme. En plus de Saint Sa\u00ebns, une \u0153uvre de Louis Vierne et 2 motets de Louis-Nicolas Cl\u00e9rambault avaient \u00e9t\u00e9 donn\u00e9s.<br \/>\nJe peux ajouter que, s&rsquo;agissant d&rsquo;une messe de Saint-Sa\u00ebns pour 2 orgues, Ariel nous avait dirig\u00e9s avec des gants blancs pour que l&rsquo;organiste de la tribune puisse le voir donner les d\u00e9parts. L&rsquo;orgue du ch\u0153ur \u00e9tait tenu par la charmante Sophie-V\u00e9ronique Choplin, titulaire adjointe du grand orgue.<br \/>\nJe pense avoir r\u00e9pondu \u00e0 tes attentes.<br \/>\nA mardi<br \/>\nMonique<\/p><\/blockquote>\n<table align=\"center\">\n<tbody>\n<tr>\n<td>\n<p align=\"center\"><a href=\"https:\/\/choeur2limours.com\/wp-content\/uploads\/2019\/03\/image150612133738.jpg\" target=\"_blank\" rel=\"noopener noreferrer\"><img loading=\"lazy\" decoding=\"async\" class=\"aligncenter wp-image-3127 size-large\" src=\"https:\/\/choeur2limours.com\/wp-content\/uploads\/2019\/03\/image150612133738-687x1024.jpg\" alt=\"\" width=\"687\" height=\"1024\" srcset=\"https:\/\/choeur2limours.com\/wp-content\/uploads\/2019\/03\/image150612133738-687x1024.jpg 687w, https:\/\/choeur2limours.com\/wp-content\/uploads\/2019\/03\/image150612133738-201x300.jpg 201w, https:\/\/choeur2limours.com\/wp-content\/uploads\/2019\/03\/image150612133738-768x1144.jpg 768w, https:\/\/choeur2limours.com\/wp-content\/uploads\/2019\/03\/image150612133738.jpg 1663w\" sizes=\"auto, (max-width: 687px) 100vw, 687px\" \/><\/a><\/p>\n<p align=\"center\">Concert 1996<\/p>\n<\/td>\n<\/tr>\n<\/tbody>\n<\/table>\n<p><a name=\"h2_6\"><\/a><\/p>\n<h2>1999<\/h2>\n<table align=\"center\">\n<tbody>\n<tr>\n<td>\n<p align=\"center\"><a href=\"https:\/\/choeur2limours.com\/wp-content\/uploads\/2019\/03\/image08062143526.jpg\" target=\"_blank\" rel=\"noopener noreferrer\"><img loading=\"lazy\" decoding=\"async\" class=\"aligncenter wp-image-3128 size-large\" src=\"https:\/\/choeur2limours.com\/wp-content\/uploads\/2019\/03\/image08062143526-1024x427.jpg\" alt=\"\" width=\"1024\" height=\"427\" srcset=\"https:\/\/choeur2limours.com\/wp-content\/uploads\/2019\/03\/image08062143526-1024x427.jpg 1024w, https:\/\/choeur2limours.com\/wp-content\/uploads\/2019\/03\/image08062143526-300x125.jpg 300w, https:\/\/choeur2limours.com\/wp-content\/uploads\/2019\/03\/image08062143526-768x321.jpg 768w\" sizes=\"auto, (max-width: 1024px) 100vw, 1024px\" \/><\/a><\/p>\n<p align=\"center\">En 1999 \u00e0 Saint Louis en l\u2019\u00eele<\/p>\n<\/td>\n<\/tr>\n<\/tbody>\n<\/table>\n<p><a name=\"h2_7\"><\/a><\/p>\n<h2>Un ch\u0153ur r\u00e9solument symphonique<\/h2>\n<p class=\"corpsdetexte\">Depuis 2000, le Ch\u0153ur de Limours a produit avec une formation orchestrale professionnelle, l\u2019Acad\u00e9mie Symphonique de Paris : <i>Isra\u00ebl en \u00c9gypte<\/i> de Haendel, le <i>Gloria<\/i> de Vivaldi, la <i>Grande Messe en Ut mineur<\/i> de Mozart, la <i>Messe solennelle en la b\u00e9mol majeur<\/i> de Schubert, la <i>Messe du Couronnement<\/i> de Mozart, les <i>Stabat Mater<\/i> de Rossini puis de Dvor\u00e1k, des psaumes de Mendelssohn, la <i>Messa di Gloria<\/i> de Puccini, <i>Le Messie<\/i> de Haendel, \u00ab <i>Ein deutsches Requiem<\/i> \u00bb de Brahms et <i>Elias<\/i> de Mendelssohn.<\/p>\n<p class=\"corpsdetexte\">Mais ce n&rsquo;est que depuis 2002, ann\u00e9e Vivaldi, que s&rsquo;est cristallis\u00e9e la complicit\u00e9 entre le ch\u0153ur, cet orchestre et Ariel qui dirige chaque ann\u00e9e au moins deux concerts dans cette configuration.<\/p>\n<table align=\"center\">\n<tbody>\n<tr>\n<td>\n<p align=\"center\"><a href=\"https:\/\/choeur2limours.com\/wp-content\/uploads\/2019\/03\/image08068082257.jpg\" target=\"_blank\" rel=\"noopener noreferrer\"><img loading=\"lazy\" decoding=\"async\" class=\"aligncenter wp-image-3129 size-large\" src=\"https:\/\/choeur2limours.com\/wp-content\/uploads\/2019\/03\/image08068082257-1024x745.jpg\" alt=\"\" width=\"1024\" height=\"745\" srcset=\"https:\/\/choeur2limours.com\/wp-content\/uploads\/2019\/03\/image08068082257-1024x745.jpg 1024w, https:\/\/choeur2limours.com\/wp-content\/uploads\/2019\/03\/image08068082257-300x218.jpg 300w, https:\/\/choeur2limours.com\/wp-content\/uploads\/2019\/03\/image08068082257-768x558.jpg 768w, https:\/\/choeur2limours.com\/wp-content\/uploads\/2019\/03\/image08068082257.jpg 1667w\" sizes=\"auto, (max-width: 1024px) 100vw, 1024px\" \/><\/a><\/p>\n<p align=\"center\">En 2004 avec l&rsquo;Acad\u00e9mie Symphonique de Paris<\/p>\n<\/td>\n<\/tr>\n<\/tbody>\n<\/table>\n<table align=\"center\">\n<tbody>\n<tr>\n<td>\n<p align=\"center\"><a href=\"https:\/\/choeur2limours.com\/wp-content\/uploads\/2019\/03\/image120630100947.png\" target=\"_blank\" rel=\"noopener noreferrer\"><img loading=\"lazy\" decoding=\"async\" class=\"aligncenter wp-image-3130 size-large\" src=\"https:\/\/choeur2limours.com\/wp-content\/uploads\/2019\/03\/image120630100947-1024x885.png\" alt=\"\" width=\"1024\" height=\"885\" srcset=\"https:\/\/choeur2limours.com\/wp-content\/uploads\/2019\/03\/image120630100947-1024x885.png 1024w, https:\/\/choeur2limours.com\/wp-content\/uploads\/2019\/03\/image120630100947-300x259.png 300w, https:\/\/choeur2limours.com\/wp-content\/uploads\/2019\/03\/image120630100947-768x664.png 768w, https:\/\/choeur2limours.com\/wp-content\/uploads\/2019\/03\/image120630100947.png 1240w\" sizes=\"auto, (max-width: 1024px) 100vw, 1024px\" \/><\/a><\/p>\n<p align=\"center\">Toujours emmen\u00e9e par son violon solo : Val\u00e9rie Beutin (photo Alain Levacher en 2010)<\/p>\n<\/td>\n<\/tr>\n<\/tbody>\n<\/table>\n<p class=\"corpsdetexte\">Le Ch\u0153ur de Limours a parall\u00e8lement continu\u00e9 une collaboration avec les meilleurs orchestres amateurs de la r\u00e9gion avec lesquels il avait satisfait une nette attirance vers ce grand r\u00e9pertoire depuis d\u00e9j\u00e0 quelques ann\u00e9es. Il s\u2019est ainsi associ\u00e9 \u00e0 l\u2019Orchestre et au Ch\u0153ur du Campus d\u2019Orsay qui ont interpr\u00e9t\u00e9 en 2001 le <i>Requiem<\/i> de Verdi. Ces m\u00eames partenaires se sont \u00e0 nouveau associ\u00e9s en 2005 pour ex\u00e9cuter la <i>IXe Symphonie<\/i> de L. Van Beethoven pour c\u00e9l\u00e9brer le 50e anniversaire de l&rsquo;inauguration du campus universitaire d&rsquo;Orsay. Le Ch\u0153ur a plus r\u00e9cemment pr\u00e9sent\u00e9 le <i>Requiem<\/i> de Mozart avec l\u2019Orchestre Ut cinqui\u00e8me et la <i>Messa di Gloria<\/i> de Puccini avec l\u2019Odyss\u00e9e Symphonique.<\/p>\n<table align=\"center\">\n<tbody>\n<tr>\n<td>\n<p align=\"center\"><a href=\"https:\/\/choeur2limours.com\/wp-content\/uploads\/2019\/03\/image08062144449.jpg\" target=\"_blank\" rel=\"noopener noreferrer\"><img loading=\"lazy\" decoding=\"async\" class=\"aligncenter wp-image-3131 size-large\" src=\"https:\/\/choeur2limours.com\/wp-content\/uploads\/2019\/03\/image08062144449-1024x698.jpg\" alt=\"\" width=\"1024\" height=\"698\" srcset=\"https:\/\/choeur2limours.com\/wp-content\/uploads\/2019\/03\/image08062144449-1024x698.jpg 1024w, https:\/\/choeur2limours.com\/wp-content\/uploads\/2019\/03\/image08062144449-300x205.jpg 300w, https:\/\/choeur2limours.com\/wp-content\/uploads\/2019\/03\/image08062144449-768x524.jpg 768w, https:\/\/choeur2limours.com\/wp-content\/uploads\/2019\/03\/image08062144449.jpg 1754w\" sizes=\"auto, (max-width: 1024px) 100vw, 1024px\" \/><\/a><\/p>\n<p align=\"center\">Les Ch\u0153urs de Limours et d\u2019Orsay avec l\u2019Orchestre d\u2019Orsay, en 2000 \u00e0 l\u2019\u00e9glise St L\u00e9on<\/p>\n<\/td>\n<\/tr>\n<\/tbody>\n<\/table>\n<table align=\"center\">\n<tbody>\n<tr>\n<td>\n<p align=\"center\"><a href=\"https:\/\/choeur2limours.com\/wp-content\/uploads\/2019\/03\/image08062164159.jpg\" target=\"_blank\" rel=\"noopener noreferrer\"><img loading=\"lazy\" decoding=\"async\" class=\"aligncenter wp-image-3133 size-full\" src=\"https:\/\/choeur2limours.com\/wp-content\/uploads\/2019\/03\/image08062164159.jpg\" alt=\"\" width=\"800\" height=\"600\" srcset=\"https:\/\/choeur2limours.com\/wp-content\/uploads\/2019\/03\/image08062164159.jpg 800w, https:\/\/choeur2limours.com\/wp-content\/uploads\/2019\/03\/image08062164159-300x225.jpg 300w, https:\/\/choeur2limours.com\/wp-content\/uploads\/2019\/03\/image08062164159-768x576.jpg 768w, https:\/\/choeur2limours.com\/wp-content\/uploads\/2019\/03\/image08062164159-380x285.jpg 380w, https:\/\/choeur2limours.com\/wp-content\/uploads\/2019\/03\/image08062164159-285x214.jpg 285w\" sizes=\"auto, (max-width: 800px) 100vw, 800px\" \/><\/a><\/p>\n<p align=\"center\">Le 11 novembre 2006 avec l\u2019orchestre Ut cinqui\u00e8me pour le <i>Requiem<\/i> de Mozart<\/p>\n<\/td>\n<\/tr>\n<\/tbody>\n<\/table>\n<table align=\"center\">\n<tbody>\n<tr>\n<td>\n<p align=\"center\"><a href=\"https:\/\/choeur2limours.com\/wp-content\/uploads\/2019\/03\/image08062164402.jpg\" target=\"_blank\" rel=\"noopener noreferrer\"><img loading=\"lazy\" decoding=\"async\" class=\"aligncenter wp-image-3134 size-full\" src=\"https:\/\/choeur2limours.com\/wp-content\/uploads\/2019\/03\/image08062164402.jpg\" alt=\"\" width=\"819\" height=\"424\" srcset=\"https:\/\/choeur2limours.com\/wp-content\/uploads\/2019\/03\/image08062164402.jpg 819w, https:\/\/choeur2limours.com\/wp-content\/uploads\/2019\/03\/image08062164402-300x155.jpg 300w, https:\/\/choeur2limours.com\/wp-content\/uploads\/2019\/03\/image08062164402-768x398.jpg 768w\" sizes=\"auto, (max-width: 819px) 100vw, 819px\" \/><\/a><\/p>\n<p align=\"center\">Le 14 juin 2007 avec l\u2019Odyss\u00e9e Symphonique pour la <i>Messa di Gloria<\/i> de Puccini<\/p>\n<\/td>\n<\/tr>\n<\/tbody>\n<\/table>\n<p><a name=\"h2_8\"><\/a><\/p>\n<h2>2011, 2012 le style baroque<\/h2>\n<p class=\"corpsdetexte\">Simple incursion dans un lieu si proche de nous et une \u00e9poque bien lointaine, ou virage stylistique complet ? Le Ch\u0153ur s&rsquo;en est all\u00e9 visiter Versailles non pas \u00e0 la cour du Roi-Soleil mais \u00e0 la Chapelle Royale.<\/p>\n<table align=\"center\">\n<tbody>\n<tr>\n<td>\n<p align=\"center\"><a href=\"https:\/\/choeur2limours.com\/wp-content\/uploads\/2019\/03\/image110626090731.jpg\" target=\"_blank\" rel=\"noopener noreferrer\"><img loading=\"lazy\" decoding=\"async\" class=\"aligncenter wp-image-3135 size-full\" src=\"https:\/\/choeur2limours.com\/wp-content\/uploads\/2019\/03\/image110626090731.jpg\" alt=\"\" width=\"800\" height=\"472\" srcset=\"https:\/\/choeur2limours.com\/wp-content\/uploads\/2019\/03\/image110626090731.jpg 800w, https:\/\/choeur2limours.com\/wp-content\/uploads\/2019\/03\/image110626090731-300x177.jpg 300w, https:\/\/choeur2limours.com\/wp-content\/uploads\/2019\/03\/image110626090731-768x453.jpg 768w\" sizes=\"auto, (max-width: 800px) 100vw, 800px\" \/><\/a><\/p>\n<p align=\"center\">Le charme des instruments anciens<\/p>\n<\/td>\n<\/tr>\n<\/tbody>\n<\/table>\n<table align=\"center\">\n<tbody>\n<tr>\n<td>\n<p align=\"center\"><a href=\"https:\/\/choeur2limours.com\/wp-content\/uploads\/2019\/03\/image120626080941.jpg\" target=\"_blank\" rel=\"noopener noreferrer\"><img loading=\"lazy\" decoding=\"async\" class=\"aligncenter wp-image-3136 size-large\" src=\"https:\/\/choeur2limours.com\/wp-content\/uploads\/2019\/03\/image120626080941-1024x682.jpg\" alt=\"\" width=\"1024\" height=\"682\" srcset=\"https:\/\/choeur2limours.com\/wp-content\/uploads\/2019\/03\/image120626080941.jpg 1024w, https:\/\/choeur2limours.com\/wp-content\/uploads\/2019\/03\/image120626080941-300x200.jpg 300w, https:\/\/choeur2limours.com\/wp-content\/uploads\/2019\/03\/image120626080941-768x512.jpg 768w, https:\/\/choeur2limours.com\/wp-content\/uploads\/2019\/03\/image120626080941-570x380.jpg 570w, https:\/\/choeur2limours.com\/wp-content\/uploads\/2019\/03\/image120626080941-380x254.jpg 380w, https:\/\/choeur2limours.com\/wp-content\/uploads\/2019\/03\/image120626080941-285x190.jpg 285w\" sizes=\"auto, (max-width: 1024px) 100vw, 1024px\" \/><\/a><\/p>\n<p align=\"center\">2012 : Concert baroque, avec l&rsquo;Acad\u00e9mie symphonique de Paris (photo Jean-Paul Hulot)<\/p>\n<\/td>\n<\/tr>\n<\/tbody>\n<\/table>\n<table align=\"center\">\n<tbody>\n<tr>\n<td>\n<p align=\"center\"><a href=\"https:\/\/choeur2limours.com\/wp-content\/uploads\/2019\/03\/image120626101016.jpg\" target=\"_blank\" rel=\"noopener noreferrer\"><img loading=\"lazy\" decoding=\"async\" class=\"aligncenter wp-image-3137 size-large\" src=\"https:\/\/choeur2limours.com\/wp-content\/uploads\/2019\/03\/image120626101016-1024x682.jpg\" alt=\"\" width=\"1024\" height=\"682\" srcset=\"https:\/\/choeur2limours.com\/wp-content\/uploads\/2019\/03\/image120626101016.jpg 1024w, https:\/\/choeur2limours.com\/wp-content\/uploads\/2019\/03\/image120626101016-300x200.jpg 300w, https:\/\/choeur2limours.com\/wp-content\/uploads\/2019\/03\/image120626101016-768x512.jpg 768w, https:\/\/choeur2limours.com\/wp-content\/uploads\/2019\/03\/image120626101016-570x380.jpg 570w, https:\/\/choeur2limours.com\/wp-content\/uploads\/2019\/03\/image120626101016-380x254.jpg 380w, https:\/\/choeur2limours.com\/wp-content\/uploads\/2019\/03\/image120626101016-285x190.jpg 285w\" sizes=\"auto, (max-width: 1024px) 100vw, 1024px\" \/><\/a><\/p>\n<p align=\"center\">Cinq jeunes et talentueux solistes (photo Jean-Paul Hulot)<\/p>\n<\/td>\n<\/tr>\n<\/tbody>\n<\/table>\n<p><a name=\"h2_9\"><\/a><\/p>\n<h2>Suite de l&rsquo;exploration fran\u00e7aise : 2013 \u00e0 2015<\/h2>\n<p class=\"corpsdetexte\">Fort de cette exp\u00e9rience, le Ch\u0153ur a ensuite pouss\u00e9 son exploration des styles fran\u00e7ais \u00e0 travers le romantisme de Berlioz puis l&rsquo;un des styles contemporains fran\u00e7ais les plus admir\u00e9s hors de nos fronti\u00e8res\u00a0: Poulenc et son <i>Gloria<\/i>. Cette qu\u00eate ambitieuse s&rsquo;est prolong\u00e9e jusqu&rsquo;au <i>Requiem<\/i> de Durufl\u00e9 en 2015 histoire de renouer avec l&rsquo;esprit intr\u00e9pide des d\u00e9buts \u00e0 Limours de notre chef Ariel.<\/p>\n<p class=\"corpsdetexte\">Le repli la m\u00eame ann\u00e9e vers Haendel et son c\u00e9l\u00e9brissime <i>Hallelujah<\/i> met un point d&rsquo;orgue soudain \u00e0 ces escapades os\u00e9es vers le modernisme.<\/p>\n<table align=\"center\">\n<tbody>\n<tr>\n<td>\n<p align=\"center\"><a href=\"https:\/\/choeur2limours.com\/wp-content\/uploads\/2019\/03\/image150421160031.jpg\" target=\"_blank\" rel=\"noopener noreferrer\"><img loading=\"lazy\" decoding=\"async\" class=\"aligncenter wp-image-3138 size-large\" src=\"https:\/\/choeur2limours.com\/wp-content\/uploads\/2019\/03\/image150421160031-1024x683.jpg\" alt=\"\" width=\"1024\" height=\"683\" srcset=\"https:\/\/choeur2limours.com\/wp-content\/uploads\/2019\/03\/image150421160031-1024x683.jpg 1024w, https:\/\/choeur2limours.com\/wp-content\/uploads\/2019\/03\/image150421160031-300x200.jpg 300w, https:\/\/choeur2limours.com\/wp-content\/uploads\/2019\/03\/image150421160031-768x512.jpg 768w, https:\/\/choeur2limours.com\/wp-content\/uploads\/2019\/03\/image150421160031-570x380.jpg 570w, https:\/\/choeur2limours.com\/wp-content\/uploads\/2019\/03\/image150421160031-380x254.jpg 380w, https:\/\/choeur2limours.com\/wp-content\/uploads\/2019\/03\/image150421160031-285x190.jpg 285w\" sizes=\"auto, (max-width: 1024px) 100vw, 1024px\" \/><\/a><\/p>\n<p align=\"center\">En 2015 \u00e0 Notre-Dame des Blancs-Manteaux<br \/>\nPhoto Jacques Manscourt<\/p>\n<\/td>\n<\/tr>\n<\/tbody>\n<\/table>\n<p>Les informations ayant permis l&rsquo;\u00e9laboration de ces pages proviennent des archives et de la m\u00e9moire de Bernadette Perrine, Odile Dumareau, Monique Martin et \u00c9tienne Guyon. Les noms des photographes ne nous sont pas tous revenus. Outre les proches des choristes on a pu identifier pour certaines d&rsquo;entre elles: Philippe Martin-Mayeur, Pascal Lebrun, Jacques Manscourt.<\/p>\n","protected":false},"excerpt":{"rendered":"<p>Petite histoire de chorale \u00e0 Limours Plusieurs choristes &#8211; jeunes dans le ch\u0153ur &#8211; ont demand\u00e9 aux plus anciens (tout aussi jeunes dans le c\u0153ur) de leur donner des informations sur les origines des ch\u0153urs de Limours. Ces plus anciens ont \u00e9t\u00e9 interviewer, \u00e0 leur tour, des plus anciens encore et voici ce que cela&hellip;<\/p>\n<p class=\"more-link\"><a href=\"https:\/\/choeur2limours.com\/index.php\/historique\/\" class=\"themebutton2\">Read More<\/a><\/p>\n","protected":false},"author":152,"featured_media":0,"parent":0,"menu_order":0,"comment_status":"closed","ping_status":"closed","template":"","meta":{"footnotes":""},"categories":[],"tags":[],"class_list":["post-2019","page","type-page","status-publish","hentry"],"_links":{"self":[{"href":"https:\/\/choeur2limours.com\/index.php\/wp-json\/wp\/v2\/pages\/2019","targetHints":{"allow":["GET"]}}],"collection":[{"href":"https:\/\/choeur2limours.com\/index.php\/wp-json\/wp\/v2\/pages"}],"about":[{"href":"https:\/\/choeur2limours.com\/index.php\/wp-json\/wp\/v2\/types\/page"}],"author":[{"embeddable":true,"href":"https:\/\/choeur2limours.com\/index.php\/wp-json\/wp\/v2\/users\/152"}],"replies":[{"embeddable":true,"href":"https:\/\/choeur2limours.com\/index.php\/wp-json\/wp\/v2\/comments?post=2019"}],"version-history":[{"count":29,"href":"https:\/\/choeur2limours.com\/index.php\/wp-json\/wp\/v2\/pages\/2019\/revisions"}],"predecessor-version":[{"id":6970,"href":"https:\/\/choeur2limours.com\/index.php\/wp-json\/wp\/v2\/pages\/2019\/revisions\/6970"}],"wp:attachment":[{"href":"https:\/\/choeur2limours.com\/index.php\/wp-json\/wp\/v2\/media?parent=2019"}],"wp:term":[{"taxonomy":"category","embeddable":true,"href":"https:\/\/choeur2limours.com\/index.php\/wp-json\/wp\/v2\/categories?post=2019"},{"taxonomy":"post_tag","embeddable":true,"href":"https:\/\/choeur2limours.com\/index.php\/wp-json\/wp\/v2\/tags?post=2019"}],"curies":[{"name":"wp","href":"https:\/\/api.w.org\/{rel}","templated":true}]}}